 {"id":242,"date":"2017-11-21T10:33:38","date_gmt":"2017-11-21T12:33:38","guid":{"rendered":"http:\/\/aefspr.org.br\/?page_id=242"},"modified":"2025-10-08T14:10:44","modified_gmt":"2025-10-08T17:10:44","slug":"aprendizagem","status":"publish","type":"page","link":"https:\/\/aefspr.org.br\/?page_id=242","title":{"rendered":"Cemade"},"content":{"rendered":"\t\t<div data-elementor-type=\"wp-post\" data-elementor-id=\"242\" class=\"elementor elementor-242\">\n\t\t\t\t\t\t<section class=\"elementor-section elementor-top-section elementor-element elementor-element-gd6w54i elementor-section-full_width elementor-section-content-top banner-home elementor-section-height-default elementor-section-height-default\" data-id=\"gd6w54i\" data-element_type=\"section\" data-e-type=\"section\">\n\t\t\t\t\t\t<div class=\"elementor-container elementor-column-gap-no\">\n\t\t\t\t\t<div class=\"elementor-column elementor-col-100 elementor-top-column elementor-element elementor-element-06673vm\" data-id=\"06673vm\" data-element_type=\"column\" data-e-type=\"column\">\n\t\t\t<div class=\"elementor-widget-wrap elementor-element-populated\">\n\t\t\t\t\t\t<div class=\"elementor-element elementor-element-55b8390 elementor-widget elementor-widget-image\" data-id=\"55b8390\" data-element_type=\"widget\" data-e-type=\"widget\" data-widget_type=\"image.default\">\n\t\t\t\t<div class=\"elementor-widget-container\">\n\t\t\t\t\t\t\t\t\t\t\t\t\t\t\t<img fetchpriority=\"high\" decoding=\"async\" width=\"1909\" height=\"969\" src=\"https:\/\/aefspr.org.br\/wp-content\/uploads\/2017\/11\/top-cemade-1.jpg\" class=\"attachment-full size-full wp-image-545\" alt=\"\" srcset=\"https:\/\/aefspr.org.br\/wp-content\/uploads\/2017\/11\/top-cemade-1.jpg 1909w, https:\/\/aefspr.org.br\/wp-content\/uploads\/2017\/11\/top-cemade-1-600x305.jpg 600w, https:\/\/aefspr.org.br\/wp-content\/uploads\/2017\/11\/top-cemade-1-300x152.jpg 300w, https:\/\/aefspr.org.br\/wp-content\/uploads\/2017\/11\/top-cemade-1-768x390.jpg 768w, https:\/\/aefspr.org.br\/wp-content\/uploads\/2017\/11\/top-cemade-1-1024x520.jpg 1024w\" sizes=\"(max-width: 1909px) 100vw, 1909px\" \/>\t\t\t\t\t\t\t\t\t\t\t\t\t\t\t<\/div>\n\t\t\t\t<\/div>\n\t\t\t\t\t<\/div>\n\t\t<\/div>\n\t\t\t\t\t<\/div>\n\t\t<\/section>\n\t\t\t\t<section class=\"elementor-section elementor-top-section elementor-element elementor-element-94i0ter elementor-section-content-top box-blue elementor-section-boxed elementor-section-height-default elementor-section-height-default\" data-id=\"94i0ter\" data-element_type=\"section\" data-e-type=\"section\" data-settings=\"{&quot;background_background&quot;:&quot;classic&quot;}\">\n\t\t\t\t\t\t<div class=\"elementor-container elementor-column-gap-no\">\n\t\t\t\t\t<div class=\"elementor-column elementor-col-100 elementor-top-column elementor-element elementor-element-1vaplkp\" data-id=\"1vaplkp\" data-element_type=\"column\" data-e-type=\"column\">\n\t\t\t<div class=\"elementor-widget-wrap elementor-element-populated\">\n\t\t\t\t\t\t<div class=\"elementor-element elementor-element-mwmumi4 elementor-widget elementor-widget-text-editor\" data-id=\"mwmumi4\" data-element_type=\"widget\" data-e-type=\"widget\" data-widget_type=\"text-editor.default\">\n\t\t\t\t<div class=\"elementor-widget-container\">\n\t\t\t\t\t\t\t\t\t<p style=\"text-align: center;\">Uma <span style=\"color: #e1cd34;\">grande oportunidade<\/span> para as empresas e para as fam\u00edlias em situa\u00e7\u00e3o de vulnerabilidade.<\/p>\t\t\t\t\t\t\t\t<\/div>\n\t\t\t\t<\/div>\n\t\t\t\t\t<\/div>\n\t\t<\/div>\n\t\t\t\t\t<\/div>\n\t\t<\/section>\n\t\t\t\t<section class=\"elementor-section elementor-top-section elementor-element elementor-element-5s677xt elementor-section-boxed elementor-section-height-default elementor-section-height-default\" data-id=\"5s677xt\" data-element_type=\"section\" data-e-type=\"section\">\n\t\t\t\t\t\t<div class=\"elementor-container elementor-column-gap-default\">\n\t\t\t\t\t<div class=\"elementor-column elementor-col-100 elementor-top-column elementor-element elementor-element-m6kib1q\" data-id=\"m6kib1q\" data-element_type=\"column\" data-e-type=\"column\">\n\t\t\t<div class=\"elementor-widget-wrap elementor-element-populated\">\n\t\t\t\t\t\t<div class=\"elementor-element elementor-element-40045c5 elementor-widget elementor-widget-text-editor\" data-id=\"40045c5\" data-element_type=\"widget\" data-e-type=\"widget\" data-widget_type=\"text-editor.default\">\n\t\t\t\t<div class=\"elementor-widget-container\">\n\t\t\t\t\t\t\t\t\t<p>O CEMADE &#8211; Centro de Aprendizagem Profissional para Adolescente Maria Adelaide \u00e9 um servi\u00e7o profissionalizante da AEFS\/PR. O Centro capacita profissional e emocionalmente, jovens de <strong>14<\/strong> a <strong>18<\/strong> anos que est\u00e3o em busca de oportunidades de trabalho nas empresas na condi\u00e7\u00e3o de jovens aprendizes.<\/p>\t\t\t\t\t\t\t\t<\/div>\n\t\t\t\t<\/div>\n\t\t\t\t<div class=\"elementor-element elementor-element-394bcec elementor-widget elementor-widget-text-editor\" data-id=\"394bcec\" data-element_type=\"widget\" data-e-type=\"widget\" data-widget_type=\"text-editor.default\">\n\t\t\t\t<div class=\"elementor-widget-container\">\n\t\t\t\t\t\t\t\t\t<p><span style=\"font-weight: 400;\">A sua empresa vai encontrar apoio especializado no CEMADE. Desde 2000, mais de 10 mil adolescentes foram encaminhados para diversas empresas, como a Francovig, Infraero, Casteval, Rudegon, Blokton, Copel, Tecnogran,DM Construtora, entre outras.<\/span><\/p><p><span style=\"font-weight: 400;\">A AEFS\/PR, mantenedora do CEMADE, investe na prepara\u00e7\u00e3o de equipe multidisciplinar que oferece suporte para empresas e seus gestores quanto \u00e0 inser\u00e7\u00e3o e ao desempenho do aprendiz. Dessa forma, conseguimos desenvolver compet\u00eancias socioemocionais com uma abordagem humana e de est\u00edmulo \u00e0 espiritualidade. O resultado \u00e9 uma sociedade melhor, com a gera\u00e7\u00e3o de renda e empoderamento de fam\u00edlias em situa\u00e7\u00e3o de vulnerabilidade.<\/span><\/p>\t\t\t\t\t\t\t\t<\/div>\n\t\t\t\t<\/div>\n\t\t\t\t<div class=\"elementor-element elementor-element-ebd3a6d elementor-widget elementor-widget-text-editor\" data-id=\"ebd3a6d\" data-element_type=\"widget\" data-e-type=\"widget\" data-widget_type=\"text-editor.default\">\n\t\t\t\t<div class=\"elementor-widget-container\">\n\t\t\t\t\t\t\t\t\t<p>Tenha mais seguran\u00e7a e amparo na contrata\u00e7\u00e3o de jovens aprendizes. <strong>Entre em contato!<\/strong><\/p>\t\t\t\t\t\t\t\t<\/div>\n\t\t\t\t<\/div>\n\t\t\t\t\t<\/div>\n\t\t<\/div>\n\t\t\t\t\t<\/div>\n\t\t<\/section>\n\t\t\t\t<section class=\"elementor-section elementor-top-section elementor-element elementor-element-577fbab elementor-section-content-top box-blue elementor-section-boxed elementor-section-height-default elementor-section-height-default\" data-id=\"577fbab\" data-element_type=\"section\" data-e-type=\"section\" data-settings=\"{&quot;background_background&quot;:&quot;classic&quot;}\">\n\t\t\t\t\t\t<div class=\"elementor-container elementor-column-gap-no\">\n\t\t\t\t\t<div class=\"elementor-column elementor-col-100 elementor-top-column elementor-element elementor-element-36778da\" data-id=\"36778da\" data-element_type=\"column\" data-e-type=\"column\">\n\t\t\t<div class=\"elementor-widget-wrap elementor-element-populated\">\n\t\t\t\t\t\t<div class=\"elementor-element elementor-element-75ec7ea elementor-widget elementor-widget-heading\" data-id=\"75ec7ea\" data-element_type=\"widget\" data-e-type=\"widget\" data-widget_type=\"heading.default\">\n\t\t\t\t<div class=\"elementor-widget-container\">\n\t\t\t\t\t<h2 class=\"elementor-heading-title elementor-size-default\">APRENDIZ<\/h2>\t\t\t\t<\/div>\n\t\t\t\t<\/div>\n\t\t\t\t<div class=\"elementor-element elementor-element-665c318 elementor-widget-divider--view-line elementor-widget elementor-widget-divider\" data-id=\"665c318\" data-element_type=\"widget\" data-e-type=\"widget\" data-widget_type=\"divider.default\">\n\t\t\t\t<div class=\"elementor-widget-container\">\n\t\t\t\t\t\t\t<div class=\"elementor-divider\">\n\t\t\t<span class=\"elementor-divider-separator\">\n\t\t\t\t\t\t<\/span>\n\t\t<\/div>\n\t\t\t\t\t\t<\/div>\n\t\t\t\t<\/div>\n\t\t\t\t<section class=\"elementor-section elementor-inner-section elementor-element elementor-element-b68060a colunas-aprendiz elementor-section-boxed elementor-section-height-default elementor-section-height-default\" data-id=\"b68060a\" data-element_type=\"section\" data-e-type=\"section\">\n\t\t\t\t\t\t<div class=\"elementor-container elementor-column-gap-default\">\n\t\t\t\t\t<div class=\"elementor-column elementor-col-50 elementor-inner-column elementor-element elementor-element-24a8e57\" data-id=\"24a8e57\" data-element_type=\"column\" data-e-type=\"column\">\n\t\t\t<div class=\"elementor-widget-wrap elementor-element-populated\">\n\t\t\t\t\t\t<div class=\"elementor-element elementor-element-a85ae1a elementor-widget elementor-widget-image\" data-id=\"a85ae1a\" data-element_type=\"widget\" data-e-type=\"widget\" data-widget_type=\"image.default\">\n\t\t\t\t<div class=\"elementor-widget-container\">\n\t\t\t\t\t\t\t\t\t\t\t\t\t\t\t\t<a href=\"http:\/\/aefspr.org.br\/contrate-um-aprendiz\/\">\n\t\t\t\t\t\t\t<img decoding=\"async\" src=\"https:\/\/aefspr.org.br\/wp-content\/uploads\/elementor\/thumbs\/maleta-oussre5kno2o8s4511qn8c5ma123xu1xoegv4amaja.png\" title=\"CONTRATE UM APRENDIZ\" alt=\"CONTRATE UM APRENDIZ\" loading=\"lazy\" \/>\t\t\t\t\t\t\t\t<\/a>\n\t\t\t\t\t\t\t\t\t\t\t\t\t\t\t<\/div>\n\t\t\t\t<\/div>\n\t\t\t\t<div class=\"elementor-element elementor-element-259a4f3 elementor-widget elementor-widget-text-editor\" data-id=\"259a4f3\" data-element_type=\"widget\" data-e-type=\"widget\" data-widget_type=\"text-editor.default\">\n\t\t\t\t<div class=\"elementor-widget-container\">\n\t\t\t\t\t\t\t\t\t<p style=\"text-align: center;\">CONTRATE UM <br \/>APRENDIZ<\/p>\t\t\t\t\t\t\t\t<\/div>\n\t\t\t\t<\/div>\n\t\t\t\t\t<\/div>\n\t\t<\/div>\n\t\t\t\t<div class=\"elementor-column elementor-col-50 elementor-inner-column elementor-element elementor-element-58e426b\" data-id=\"58e426b\" data-element_type=\"column\" data-e-type=\"column\">\n\t\t\t<div class=\"elementor-widget-wrap elementor-element-populated\">\n\t\t\t\t\t\t<div class=\"elementor-element elementor-element-6c53ab6 elementor-widget elementor-widget-image\" data-id=\"6c53ab6\" data-element_type=\"widget\" data-e-type=\"widget\" data-widget_type=\"image.default\">\n\t\t\t\t<div class=\"elementor-widget-container\">\n\t\t\t\t\t\t\t\t\t\t\t\t\t\t\t\t<a href=\"https:\/\/aefspr.agilsist.com.br\/cadastroaprendizinicial.aspx\">\n\t\t\t\t\t\t\t<img decoding=\"async\" src=\"https:\/\/aefspr.org.br\/wp-content\/uploads\/elementor\/thumbs\/diploma-oussmrs51zqx5stt0jtoh0514tu53epg1izx6bgz4w.png\" title=\"diploma\" alt=\"Seja um Aprendiz\" loading=\"lazy\" \/>\t\t\t\t\t\t\t\t<\/a>\n\t\t\t\t\t\t\t\t\t\t\t\t\t\t\t<\/div>\n\t\t\t\t<\/div>\n\t\t\t\t<div class=\"elementor-element elementor-element-bc0432e elementor-widget elementor-widget-text-editor\" data-id=\"bc0432e\" data-element_type=\"widget\" data-e-type=\"widget\" data-widget_type=\"text-editor.default\">\n\t\t\t\t<div class=\"elementor-widget-container\">\n\t\t\t\t\t\t\t\t\t<p style=\"text-align: center;\">SEJA UM <br \/>APRENDIZ<\/p>\t\t\t\t\t\t\t\t<\/div>\n\t\t\t\t<\/div>\n\t\t\t\t\t<\/div>\n\t\t<\/div>\n\t\t\t\t\t<\/div>\n\t\t<\/section>\n\t\t\t\t\t<\/div>\n\t\t<\/div>\n\t\t\t\t\t<\/div>\n\t\t<\/section>\n\t\t\t\t<section class=\"elementor-section elementor-top-section elementor-element elementor-element-ms44v60 elementor-section-content-top box-circles elementor-section-boxed elementor-section-height-default elementor-section-height-default\" data-id=\"ms44v60\" data-element_type=\"section\" data-e-type=\"section\" data-settings=\"{&quot;background_background&quot;:&quot;classic&quot;}\">\n\t\t\t\t\t\t<div class=\"elementor-container elementor-column-gap-default\">\n\t\t\t\t\t<div class=\"elementor-column elementor-col-100 elementor-top-column elementor-element elementor-element-hutrw0g\" data-id=\"hutrw0g\" data-element_type=\"column\" data-e-type=\"column\">\n\t\t\t<div class=\"elementor-widget-wrap elementor-element-populated\">\n\t\t\t\t\t\t<div class=\"elementor-element elementor-element-lzy91gk elementor-widget elementor-widget-heading\" data-id=\"lzy91gk\" data-element_type=\"widget\" data-e-type=\"widget\" data-widget_type=\"heading.default\">\n\t\t\t\t<div class=\"elementor-widget-container\">\n\t\t\t\t\t<h2 class=\"elementor-heading-title elementor-size-default\">O Surgimento do <strong>Cemade<\/strong><\/h2>\t\t\t\t<\/div>\n\t\t\t\t<\/div>\n\t\t\t\t<div class=\"elementor-element elementor-element-ll9mw4m elementor-widget-divider--view-line elementor-widget elementor-widget-divider\" data-id=\"ll9mw4m\" data-element_type=\"widget\" data-e-type=\"widget\" data-widget_type=\"divider.default\">\n\t\t\t\t<div class=\"elementor-widget-container\">\n\t\t\t\t\t\t\t<div class=\"elementor-divider\">\n\t\t\t<span class=\"elementor-divider-separator\">\n\t\t\t\t\t\t<\/span>\n\t\t<\/div>\n\t\t\t\t\t\t<\/div>\n\t\t\t\t<\/div>\n\t\t\t\t<div class=\"elementor-element elementor-element-e5a344d elementor-widget elementor-widget-text-editor\" data-id=\"e5a344d\" data-element_type=\"widget\" data-e-type=\"widget\" data-widget_type=\"text-editor.default\">\n\t\t\t\t<div class=\"elementor-widget-container\">\n\t\t\t\t\t\t\t\t\t<p>O CEMADE \u00e9 o Centro de Aprendizagem Profissional para Adolescentes Maria Adelaide, homenagem \u00e0 jovem francesa Maria Adelaide de Cic\u00e9, fundadora da Congrega\u00e7\u00e3o Religiosa cat\u00f3lica \u201cFilhas do Cora\u00e7\u00e3o de Maria\u201d. O Centro iniciou atividades no ano 2000, quando a AEFS\/PR precisou se adequar \u00e0 Lei 10.097 para manter o seu programa de aprendizagem profissional para adolescentes. A AEFS\/PR, ent\u00e3o, obteve autoriza\u00e7\u00e3o dos \u00f3rg\u00e3os legais fiscalizadores, como o Minist\u00e9rio P\u00fablico do Trabalho, Conselho Municipal dos Direitos da Crian\u00e7a e do Adolescente (CMDCA) e do Minist\u00e9rio do Trabalho e Emprego (MTE). Assim, a primeira turma de aprendizes a ser formada sob a nova legisla\u00e7\u00e3o iniciou em 2001.<\/p><p>Com a evolu\u00e7\u00e3o do programa de aprendizagem do CEMADE, foram conquistadas novas parcerias com a iniciativa privada e institui\u00e7\u00f5es p\u00fablicas. Com isso, mais de 10 mil jovens puderam dar continuidade aos estudos e, posteriormente, serem inseridos em suas carreiras profissionais. A estrutura f\u00edsica e o quadro de colaboradores do CEMADE precisou ser ampliado para atender \u00e0 demanda e, atualmente, o Centro mant\u00e9m a qualidade do atendimento aos adolescentes, fam\u00edlias e parceiros.<\/p>\t\t\t\t\t\t\t\t<\/div>\n\t\t\t\t<\/div>\n\t\t\t\t\t<\/div>\n\t\t<\/div>\n\t\t\t\t\t<\/div>\n\t\t<\/section>\n\t\t\t\t<section class=\"elementor-section elementor-top-section elementor-element elementor-element-46b01b4 elementor-section-content-top box-circles elementor-section-boxed elementor-section-height-default elementor-section-height-default\" data-id=\"46b01b4\" data-element_type=\"section\" data-e-type=\"section\" data-settings=\"{&quot;background_background&quot;:&quot;classic&quot;}\">\n\t\t\t\t\t\t<div class=\"elementor-container elementor-column-gap-no\">\n\t\t\t\t\t<div class=\"elementor-column elementor-col-100 elementor-top-column elementor-element elementor-element-86c6042\" data-id=\"86c6042\" data-element_type=\"column\" data-e-type=\"column\">\n\t\t\t<div class=\"elementor-widget-wrap elementor-element-populated\">\n\t\t\t\t\t\t<div class=\"elementor-element elementor-element-e4817ab elementor-widget elementor-widget-heading\" data-id=\"e4817ab\" data-element_type=\"widget\" data-e-type=\"widget\" data-widget_type=\"heading.default\">\n\t\t\t\t<div class=\"elementor-widget-container\">\n\t\t\t\t\t<h2 class=\"elementor-heading-title elementor-size-default\">N\u00daMEROS<\/h2>\t\t\t\t<\/div>\n\t\t\t\t<\/div>\n\t\t\t\t<div class=\"elementor-element elementor-element-8658341 elementor-widget-divider--view-line elementor-widget elementor-widget-divider\" data-id=\"8658341\" data-element_type=\"widget\" data-e-type=\"widget\" data-widget_type=\"divider.default\">\n\t\t\t\t<div class=\"elementor-widget-container\">\n\t\t\t\t\t\t\t<div class=\"elementor-divider\">\n\t\t\t<span class=\"elementor-divider-separator\">\n\t\t\t\t\t\t<\/span>\n\t\t<\/div>\n\t\t\t\t\t\t<\/div>\n\t\t\t\t<\/div>\n\t\t\t\t<section class=\"elementor-section elementor-inner-section elementor-element elementor-element-2372d4f elementor-section-boxed elementor-section-height-default elementor-section-height-default\" data-id=\"2372d4f\" data-element_type=\"section\" data-e-type=\"section\">\n\t\t\t\t\t\t<div class=\"elementor-container elementor-column-gap-default\">\n\t\t\t\t\t<div class=\"elementor-column elementor-col-50 elementor-inner-column elementor-element elementor-element-e442a39\" data-id=\"e442a39\" data-element_type=\"column\" data-e-type=\"column\">\n\t\t\t<div class=\"elementor-widget-wrap elementor-element-populated\">\n\t\t\t\t\t\t<div class=\"elementor-element elementor-element-176966a progress elementor-widget elementor-widget-html\" data-id=\"176966a\" data-element_type=\"widget\" data-e-type=\"widget\" data-widget_type=\"html.default\">\n\t\t\t\t<div class=\"elementor-widget-container\">\n\t\t\t\t\t<div class=\"circle\" id=\"aprendizes\">\r\n\t<span class=\"icon\"><\/span>\r\n<\/div>\t\t\t\t<\/div>\n\t\t\t\t<\/div>\n\t\t\t\t<div class=\"elementor-element elementor-element-71f5077 title-circles elementor-widget elementor-widget-text-editor\" data-id=\"71f5077\" data-element_type=\"widget\" data-e-type=\"widget\" data-widget_type=\"text-editor.default\">\n\t\t\t\t<div class=\"elementor-widget-container\">\n\t\t\t\t\t\t\t\t\t<p style=\"text-align: center;\"><strong>18 mil aprendizes<\/strong><\/p>\t\t\t\t\t\t\t\t<\/div>\n\t\t\t\t<\/div>\n\t\t\t\t<div class=\"elementor-element elementor-element-261c269 elementor-widget elementor-widget-text-editor\" data-id=\"261c269\" data-element_type=\"widget\" data-e-type=\"widget\" data-widget_type=\"text-editor.default\">\n\t\t\t\t<div class=\"elementor-widget-container\">\n\t\t\t\t\t\t\t\t\t<p style=\"text-align: left;\">Desde 2010, mais de 18 mil adolescentes aprendizes foram encaminhados pela AEFS\/PR, para diversas empresas, entre elas: a Francovig, Casteval, Rudegon, Blokton, Copel, Tecnogran e DM Construtora.<\/p>\t\t\t\t\t\t\t\t<\/div>\n\t\t\t\t<\/div>\n\t\t\t\t\t<\/div>\n\t\t<\/div>\n\t\t\t\t<div class=\"elementor-column elementor-col-50 elementor-inner-column elementor-element elementor-element-1a4abab\" data-id=\"1a4abab\" data-element_type=\"column\" data-e-type=\"column\">\n\t\t\t<div class=\"elementor-widget-wrap elementor-element-populated\">\n\t\t\t\t\t\t<div class=\"elementor-element elementor-element-0d0a7bb progress elementor-widget elementor-widget-html\" data-id=\"0d0a7bb\" data-element_type=\"widget\" data-e-type=\"widget\" data-widget_type=\"html.default\">\n\t\t\t\t<div class=\"elementor-widget-container\">\n\t\t\t\t\t<div class=\"circle\" id=\"empresas\">\r\n\t<span class=\"icon\"><\/span>\r\n<\/div>\t\t\t\t<\/div>\n\t\t\t\t<\/div>\n\t\t\t\t<div class=\"elementor-element elementor-element-24a22d9 title-circles elementor-widget elementor-widget-text-editor\" data-id=\"24a22d9\" data-element_type=\"widget\" data-e-type=\"widget\" data-widget_type=\"text-editor.default\">\n\t\t\t\t<div class=\"elementor-widget-container\">\n\t\t\t\t\t\t\t\t\t<p style=\"text-align: center;\"><strong>150 empresas<\/strong><\/p>\t\t\t\t\t\t\t\t<\/div>\n\t\t\t\t<\/div>\n\t\t\t\t<div class=\"elementor-element elementor-element-7aa99cc elementor-widget elementor-widget-text-editor\" data-id=\"7aa99cc\" data-element_type=\"widget\" data-e-type=\"widget\" data-widget_type=\"text-editor.default\">\n\t\t\t\t<div class=\"elementor-widget-container\">\n\t\t\t\t\t\t\t\t\t<p style=\"text-align: left;\"><span style=\"font-weight: 400;\">O CEMADE tem m\u00e9dias e grandes empresas como parceiros, dentre elas iniciativas privadas e institui\u00e7\u00f5es p\u00fablicas, como o Banco do Brasil, Caixa Econ\u00f4mica Federal, Infraero e outras. Seja um parceiro voc\u00ea tamb\u00e9m!<\/span><\/p>\t\t\t\t\t\t\t\t<\/div>\n\t\t\t\t<\/div>\n\t\t\t\t\t<\/div>\n\t\t<\/div>\n\t\t\t\t\t<\/div>\n\t\t<\/section>\n\t\t\t\t<section class=\"elementor-section elementor-inner-section elementor-element elementor-element-74ac83b elementor-section-boxed elementor-section-height-default elementor-section-height-default\" data-id=\"74ac83b\" data-element_type=\"section\" data-e-type=\"section\">\n\t\t\t\t\t\t<div class=\"elementor-container elementor-column-gap-default\">\n\t\t\t\t\t<div class=\"elementor-column elementor-col-50 elementor-inner-column elementor-element elementor-element-b6753a7\" data-id=\"b6753a7\" data-element_type=\"column\" data-e-type=\"column\">\n\t\t\t<div class=\"elementor-widget-wrap elementor-element-populated\">\n\t\t\t\t\t\t<div class=\"elementor-element elementor-element-8300ec8 progress elementor-widget elementor-widget-html\" data-id=\"8300ec8\" data-element_type=\"widget\" data-e-type=\"widget\" data-widget_type=\"html.default\">\n\t\t\t\t<div class=\"elementor-widget-container\">\n\t\t\t\t\t<div class=\"circle\" id=\"entidades\">\r\n\t<span class=\"icon\"><\/span>\r\n<\/div>\t\t\t\t<\/div>\n\t\t\t\t<\/div>\n\t\t\t\t<div class=\"elementor-element elementor-element-47c2f90 title-circles elementor-widget elementor-widget-text-editor\" data-id=\"47c2f90\" data-element_type=\"widget\" data-e-type=\"widget\" data-widget_type=\"text-editor.default\">\n\t\t\t\t<div class=\"elementor-widget-container\">\n\t\t\t\t\t\t\t\t\t<p style=\"text-align: center;\"><strong>80 entidades<\/strong><\/p>\t\t\t\t\t\t\t\t<\/div>\n\t\t\t\t<\/div>\n\t\t\t\t<div class=\"elementor-element elementor-element-9b92213 elementor-widget elementor-widget-text-editor\" data-id=\"9b92213\" data-element_type=\"widget\" data-e-type=\"widget\" data-widget_type=\"text-editor.default\">\n\t\t\t\t<div class=\"elementor-widget-container\">\n\t\t\t\t\t\t\t\t\t<p style=\"text-align: left;\">Por todo o interior do Paran\u00e1, a AEFS\/PR se estende atrav\u00e9s de outras entidades com servi\u00e7os de aprendizagem. O tempo todo a Associa\u00e7\u00e3o estabelece acordos de colabora\u00e7\u00e3o, para aumentar o n\u00famero de beneficiados.<\/p>\t\t\t\t\t\t\t\t<\/div>\n\t\t\t\t<\/div>\n\t\t\t\t\t<\/div>\n\t\t<\/div>\n\t\t\t\t<div class=\"elementor-column elementor-col-50 elementor-inner-column elementor-element elementor-element-c11c14a\" data-id=\"c11c14a\" data-element_type=\"column\" data-e-type=\"column\">\n\t\t\t<div class=\"elementor-widget-wrap elementor-element-populated\">\n\t\t\t\t\t\t<div class=\"elementor-element elementor-element-7c1c4e4 progress elementor-widget elementor-widget-html\" data-id=\"7c1c4e4\" data-element_type=\"widget\" data-e-type=\"widget\" data-widget_type=\"html.default\">\n\t\t\t\t<div class=\"elementor-widget-container\">\n\t\t\t\t\t<div class=\"circle\" id=\"municipios\">\r\n\t<span class=\"icon\"><\/span>\r\n<\/div>\t\t\t\t<\/div>\n\t\t\t\t<\/div>\n\t\t\t\t<div class=\"elementor-element elementor-element-8bdb609 title-circles elementor-widget elementor-widget-text-editor\" data-id=\"8bdb609\" data-element_type=\"widget\" data-e-type=\"widget\" data-widget_type=\"text-editor.default\">\n\t\t\t\t<div class=\"elementor-widget-container\">\n\t\t\t\t\t\t\t\t\t<p style=\"text-align: center;\"><strong>101 munic\u00edpios<\/strong><\/p>\t\t\t\t\t\t\t\t<\/div>\n\t\t\t\t<\/div>\n\t\t\t\t<div class=\"elementor-element elementor-element-8593c72 elementor-widget elementor-widget-text-editor\" data-id=\"8593c72\" data-element_type=\"widget\" data-e-type=\"widget\" data-widget_type=\"text-editor.default\">\n\t\t\t\t<div class=\"elementor-widget-container\">\n\t\t\t\t\t\t\t\t\t<p style=\"text-align: left;\"><span style=\"font-weight: 400;\">A AEFS\/PR est\u00e1 representada atrav\u00e9s de parcerias formalmente firmadas em 101 munic\u00edpios no estado do Paran\u00e1, como Foz do Igua\u00e7u, Londrina, Maring\u00e1, Corn\u00e9lio Proc\u00f3pio, Jaguaria\u00edva, Marialva, Andir\u00e1, Alt\u00f4nia, Clevel\u00e2ndia e muitas outras.<\/span><\/p>\t\t\t\t\t\t\t\t<\/div>\n\t\t\t\t<\/div>\n\t\t\t\t\t<\/div>\n\t\t<\/div>\n\t\t\t\t\t<\/div>\n\t\t<\/section>\n\t\t\t\t\t<\/div>\n\t\t<\/div>\n\t\t\t\t\t<\/div>\n\t\t<\/section>\n\t\t\t\t<section class=\"elementor-section elementor-top-section elementor-element elementor-element-153ff60 elementor-section-content-top elementor-section-boxed elementor-section-height-default elementor-section-height-default\" data-id=\"153ff60\" data-element_type=\"section\" data-e-type=\"section\" data-settings=\"{&quot;background_background&quot;:&quot;classic&quot;}\">\n\t\t\t\t\t\t<div class=\"elementor-container elementor-column-gap-no\">\n\t\t\t\t\t<div class=\"elementor-column elementor-col-100 elementor-top-column elementor-element elementor-element-c90c55d\" data-id=\"c90c55d\" data-element_type=\"column\" data-e-type=\"column\">\n\t\t\t<div class=\"elementor-widget-wrap elementor-element-populated\">\n\t\t\t\t\t\t<div class=\"elementor-element elementor-element-1ad69d1 elementor-widget elementor-widget-heading\" data-id=\"1ad69d1\" data-element_type=\"widget\" data-e-type=\"widget\" data-widget_type=\"heading.default\">\n\t\t\t\t<div class=\"elementor-widget-container\">\n\t\t\t\t\t<h2 class=\"elementor-heading-title elementor-size-default\">DEPOIMENTOS<\/h2>\t\t\t\t<\/div>\n\t\t\t\t<\/div>\n\t\t\t\t<div class=\"elementor-element elementor-element-650dd3d elementor-widget-divider--view-line elementor-widget elementor-widget-divider\" data-id=\"650dd3d\" data-element_type=\"widget\" data-e-type=\"widget\" data-widget_type=\"divider.default\">\n\t\t\t\t<div class=\"elementor-widget-container\">\n\t\t\t\t\t\t\t<div class=\"elementor-divider\">\n\t\t\t<span class=\"elementor-divider-separator\">\n\t\t\t\t\t\t<\/span>\n\t\t<\/div>\n\t\t\t\t\t\t<\/div>\n\t\t\t\t<\/div>\n\t\t\t\t<div class=\"elementor-element elementor-element-c1cbca2 elementor-widget elementor-widget-wp-widget-nossa_causa_testimonial\" data-id=\"c1cbca2\" data-element_type=\"widget\" data-e-type=\"widget\" data-widget_type=\"wp-widget-nossa_causa_testimonial.default\">\n\t\t\t\t<div class=\"elementor-widget-container\">\n\t\t\t\t\t<div class=\"testimonials\">\n    <div class=\"jcarousel-wrapper\">\n    <div class=\"jcarousel\">\n      <ul>\n                  <li>\n            <p><i><span style=\"font-weight: 400;\">&#8220;Nossa parceria se mant\u00e9m fiel desde a abertura da primeira vaga de menor aprendiz. Fomos bem atendidos em nossas solicita\u00e7\u00f5es sempre que precisamos. O Cemade n\u00e3o apenas encaminha candidatos, mas d\u00e1 suporte em todas as etapas do processo. Somos gratos e esperamos que a nossa rela\u00e7\u00e3o continue s\u00f3lida, com a miss\u00e3o de preparar os jovens para serem respons\u00e1veis e comprometidos com o seu trabalho. &#8220;<\/span><\/i><\/p>\n            <strong>Rudegon<\/strong>\n          <\/li>\n                  <li>\n            <p><i><span style=\"font-weight: 400;\">&#8220;No CEMADE tive uma experi\u00eancia muito boa, realmente vai me ajudar a ter um futuro melhor. Tive relacionamento com v\u00e1rios tipos de pessoas, que pensam diferente, agem diferente, pessoas que me ajudaram a ter um alto desempenho na empresa. Fui e serei muito grato por terem me dado essa oportunidade e experi\u00eancia maravilhosa, me ajudou a conseguir tomar decis\u00f5es, a mudar minha vida financeira, a ter mais lazer, aprender inform\u00e1tica, realmente foi uma experi\u00eancia maravilhosa&#8221;. <\/span><\/i><\/p>\n            <strong>Brendo Almeida<\/strong>\n          <\/li>\n                  <li>\n            <p><i><span style=\"font-weight: 400;\">&#8220;A experi\u00eancia como jovem aprendiz no CEMADE me proporcionou o desenvolvimento de diversos aspectos, como a disciplina, a honestidade e o comprometimento. Essa foi uma fase muito importante na minha vida, pois consegui me desenvolver muito como profissional, proporcionando uma primeira experi\u00eancia de trabalho que me ajudou a me capacitar para um in\u00edcio do meu mundo profissional. Ser aprendiz \u00e9 uma oportunidade que poucos t\u00eam e que \u00e9 muito necess\u00e1ria no mundo atual, \u00e9 algo que proporciona o primeiro de muitos passos para o jovem, passos que s\u00e3o muito importantes para a vida profissional e in\u00edcio de carreira&#8221;.<\/span><\/i><\/p>\n            <strong>Bruno Pereira<\/strong>\n          <\/li>\n                  <li>\n            <p><i><span style=\"font-weight: 400;\">\u201cA oportunidade de ingressar ao CEMADE t\u00e3o jovem, me proporcionou desenvolvimento pessoal e profissional, uma transforma\u00e7\u00e3o de perspectiva de vida, conhecimento e acesso sem fim a novas oportunidades\u201d<\/span><\/i><i><span style=\"font-weight: 400;\">. <\/span><\/i><\/p>\n            <strong>Geisse Kelly Mar\u00e7al<\/strong>\n          <\/li>\n                  <li>\n            <p><i><span style=\"font-weight: 400;\">\u201cO programa me abriu para a vida profissional e est\u00e1 me moldando para a vida adulta. No CEMADE tenho a oportunidade de conhecer outras pessoas, al\u00e9m do conhecimento que eu precisaria para o meu crescimento e minha maturidade. O programa tem me feito mais respons\u00e1vel e mudou totalmente minha rotina. Agrade\u00e7o a todos os envolvidos pela oportunidade que me foi dada, sei da import\u00e2ncia que meu primeiro registro na carteira profissional tem e sem o CEMADE talvez ainda n\u00e3o o tivesse\u201d. <\/span><\/i><\/p>\n            <strong>Geovana Godoi Mira<\/strong>\n          <\/li>\n                  <li>\n            <p><i><span style=\"font-weight: 400;\">\u201cO CEMADE me ajudou muito, mostrando a import\u00e2ncia dos estudos e do in\u00edcio de uma carreira, me acolhendo quando eu n\u00e3o tinha objetivos e me dando novos sonhos. Com o apoio da fam\u00edlia desde cedo, o CEMADE \u00e9 uma parte essencial na forma\u00e7\u00e3o e realiza\u00e7\u00e3o de objetivos\u201d<\/span><\/i><i><span style=\"font-weight: 400;\">. <\/span><\/i><i><span style=\"font-weight: 400;\"><br \/>\n<\/span><\/i><\/p>\n            <strong>Jo\u00e3o Guilherme<\/strong>\n          <\/li>\n                      <\/ul>\n    <\/div>\n    <a href=\"#\" class=\"jcarousel-control-prev\"><span class=\"fa fa-angle-left\"><\/span><\/a>\n    <a href=\"#\" class=\"jcarousel-control-next\"><span class=\"fa fa-angle-right\"><\/span><\/a>\n  <\/div>\n<\/div>\n\t\t\t\t<\/div>\n\t\t\t\t<\/div>\n\t\t\t\t\t<\/div>\n\t\t<\/div>\n\t\t\t\t\t<\/div>\n\t\t<\/section>\n\t\t\t\t<\/div>\n\t\t","protected":false},"excerpt":{"rendered":"<p>Uma grande oportunidade para as empresas e para as fam\u00edlias em situa\u00e7\u00e3o de vulnerabilidade. O CEMADE &#8211; Centro de Aprendizagem Profissional para Adolescente Maria Adelaide \u00e9 um servi\u00e7o profissionalizante da AEFS\/PR. O Centro capacita profissional e emocionalmente, jovens de 14 a 18 anos que est\u00e3o em busca de oportunidades de [&hellip;]<\/p>\n","protected":false},"author":5,"featured_media":0,"parent":0,"menu_order":0,"comment_status":"closed","ping_status":"closed","template":"page-elementor.php","meta":{"_acf_changed":false,"iawp_total_views":1278,"_joinchat":[],"footnotes":""},"class_list":["post-242","page","type-page","status-publish","hentry"],"acf":[],"_links":{"self":[{"href":"https:\/\/aefspr.org.br\/index.php?rest_route=\/wp\/v2\/pages\/242","targetHints":{"allow":["GET"]}}],"collection":[{"href":"https:\/\/aefspr.org.br\/index.php?rest_route=\/wp\/v2\/pages"}],"about":[{"href":"https:\/\/aefspr.org.br\/index.php?rest_route=\/wp\/v2\/types\/page"}],"author":[{"embeddable":true,"href":"https:\/\/aefspr.org.br\/index.php?rest_route=\/wp\/v2\/users\/5"}],"replies":[{"embeddable":true,"href":"https:\/\/aefspr.org.br\/index.php?rest_route=%2Fwp%2Fv2%2Fcomments&post=242"}],"version-history":[{"count":16,"href":"https:\/\/aefspr.org.br\/index.php?rest_route=\/wp\/v2\/pages\/242\/revisions"}],"predecessor-version":[{"id":3031,"href":"https:\/\/aefspr.org.br\/index.php?rest_route=\/wp\/v2\/pages\/242\/revisions\/3031"}],"wp:attachment":[{"href":"https:\/\/aefspr.org.br\/index.php?rest_route=%2Fwp%2Fv2%2Fmedia&parent=242"}],"curies":[{"name":"wp","href":"https:\/\/api.w.org\/{rel}","templated":true}]}}