 {"id":311,"date":"2017-11-21T18:10:38","date_gmt":"2017-11-21T20:10:38","guid":{"rendered":"http:\/\/aefspr.org.br\/?page_id=311"},"modified":"2026-02-18T15:17:40","modified_gmt":"2026-02-18T18:17:40","slug":"seja-um-aprendiz","status":"publish","type":"page","link":"https:\/\/aefspr.org.br\/?page_id=311","title":{"rendered":"Seja um Aprendiz"},"content":{"rendered":"\t\t<div data-elementor-type=\"wp-post\" data-elementor-id=\"311\" class=\"elementor elementor-311\">\n\t\t\t\t\t\t<section class=\"elementor-section elementor-top-section elementor-element elementor-element-611face elementor-section-full_width elementor-section-height-default elementor-section-height-default\" data-id=\"611face\" data-element_type=\"section\" data-e-type=\"section\">\n\t\t\t\t\t\t<div class=\"elementor-container elementor-column-gap-no\">\n\t\t\t\t\t<div class=\"elementor-column elementor-col-100 elementor-top-column elementor-element elementor-element-70fa3de\" data-id=\"70fa3de\" data-element_type=\"column\" data-e-type=\"column\">\n\t\t\t<div class=\"elementor-widget-wrap elementor-element-populated\">\n\t\t\t\t\t\t<div class=\"elementor-element elementor-element-74acd85 elementor-widget elementor-widget-image\" data-id=\"74acd85\" data-element_type=\"widget\" data-e-type=\"widget\" data-widget_type=\"image.default\">\n\t\t\t\t<div class=\"elementor-widget-container\">\n\t\t\t\t\t\t\t\t\t\t\t\t\t\t\t<img fetchpriority=\"high\" decoding=\"async\" width=\"1906\" height=\"906\" src=\"https:\/\/aefspr.org.br\/wp-content\/uploads\/2017\/11\/top-seja-1.jpg\" class=\"attachment-full size-full wp-image-553\" alt=\"\" srcset=\"https:\/\/aefspr.org.br\/wp-content\/uploads\/2017\/11\/top-seja-1.jpg 1906w, https:\/\/aefspr.org.br\/wp-content\/uploads\/2017\/11\/top-seja-1-600x285.jpg 600w, https:\/\/aefspr.org.br\/wp-content\/uploads\/2017\/11\/top-seja-1-300x143.jpg 300w, https:\/\/aefspr.org.br\/wp-content\/uploads\/2017\/11\/top-seja-1-768x365.jpg 768w, https:\/\/aefspr.org.br\/wp-content\/uploads\/2017\/11\/top-seja-1-1024x487.jpg 1024w\" sizes=\"(max-width: 1906px) 100vw, 1906px\" \/>\t\t\t\t\t\t\t\t\t\t\t\t\t\t\t<\/div>\n\t\t\t\t<\/div>\n\t\t\t\t\t<\/div>\n\t\t<\/div>\n\t\t\t\t\t<\/div>\n\t\t<\/section>\n\t\t\t\t<section class=\"elementor-section elementor-top-section elementor-element elementor-element-5c63 elementor-section-content-top elementor-section-boxed elementor-section-height-default elementor-section-height-default\" data-id=\"5c63\" data-element_type=\"section\" data-e-type=\"section\" data-settings=\"{&quot;background_background&quot;:&quot;classic&quot;}\">\n\t\t\t\t\t\t<div class=\"elementor-container elementor-column-gap-no\">\n\t\t\t\t\t<div class=\"elementor-column elementor-col-100 elementor-top-column elementor-element elementor-element-78f4 slogan-home\" data-id=\"78f4\" data-element_type=\"column\" data-e-type=\"column\">\n\t\t\t<div class=\"elementor-widget-wrap elementor-element-populated\">\n\t\t\t\t\t\t<div class=\"elementor-element elementor-element-5ac7 elementor-widget elementor-widget-text-editor\" data-id=\"5ac7\" data-element_type=\"widget\" data-e-type=\"widget\" data-widget_type=\"text-editor.default\">\n\t\t\t\t<div class=\"elementor-widget-container\">\n\t\t\t\t\t\t\t\t\t<p>Saia na frente: seja um aprendiz no seu <br \/><span style=\"color: #027ec4;\">primeiro emprego<\/span> com carteira de trabalho.<\/p>\t\t\t\t\t\t\t\t<\/div>\n\t\t\t\t<\/div>\n\t\t\t\t\t<\/div>\n\t\t<\/div>\n\t\t\t\t\t<\/div>\n\t\t<\/section>\n\t\t\t\t<section class=\"elementor-section elementor-top-section elementor-element elementor-element-9d0bd03 colunas-aprendiz-white elementor-section-boxed elementor-section-height-default elementor-section-height-default\" data-id=\"9d0bd03\" data-element_type=\"section\" data-e-type=\"section\" data-settings=\"{&quot;background_background&quot;:&quot;classic&quot;}\">\n\t\t\t\t\t\t<div class=\"elementor-container elementor-column-gap-default\">\n\t\t\t\t\t<div class=\"elementor-column elementor-col-50 elementor-top-column elementor-element elementor-element-f7ccf3a coluna-aprendiz-branco\" data-id=\"f7ccf3a\" data-element_type=\"column\" data-e-type=\"column\">\n\t\t\t<div class=\"elementor-widget-wrap elementor-element-populated\">\n\t\t\t\t\t\t<div class=\"elementor-element elementor-element-eae03e2 elementor-widget elementor-widget-text-editor\" data-id=\"eae03e2\" data-element_type=\"widget\" data-e-type=\"widget\" data-widget_type=\"text-editor.default\">\n\t\t\t\t<div class=\"elementor-widget-container\">\n\t\t\t\t\t\t\t\t\t<h2 style=\"text-align: left;\">O que \u00e9 um <span style=\"color: #ec6e17;\"><strong>Aprendiz<\/strong><\/span>?<\/h2>\t\t\t\t\t\t\t\t<\/div>\n\t\t\t\t<\/div>\n\t\t\t\t<div class=\"elementor-element elementor-element-568d1ec elementor-widget elementor-widget-text-editor\" data-id=\"568d1ec\" data-element_type=\"widget\" data-e-type=\"widget\" data-widget_type=\"text-editor.default\">\n\t\t\t\t<div class=\"elementor-widget-container\">\n\t\t\t\t\t\t\t\t\t<p>O aprendiz \u00e9 aquele que est\u00e1 matriculado em uma institui\u00e7\u00e3o de forma\u00e7\u00e3o t\u00e9cnico-profissional e busca seu primeiro emprego sob contrato formal em uma empresa de m\u00e9dio ou grande porte.<\/p><p>A natureza do contrato de trabalho do aprendiz oportuniza capacita\u00e7\u00e3o profissional, experi\u00eancia e concilia\u00e7\u00e3o do trabalho com a rotina de estudos. Ele frequenta cursos profissionalizantes ministrados por entidades credenciadas que firmam parceria com as empresas contratantes.\u00a0N\u00e3o h\u00e1 nenhum custo para o aprendiz.<\/p><h2><strong>Para ser um aprendiz basta querer aprender!<\/strong><\/h2>\t\t\t\t\t\t\t\t<\/div>\n\t\t\t\t<\/div>\n\t\t\t\t\t<\/div>\n\t\t<\/div>\n\t\t\t\t<div class=\"elementor-column elementor-col-50 elementor-top-column elementor-element elementor-element-ec6a800\" data-id=\"ec6a800\" data-element_type=\"column\" data-e-type=\"column\">\n\t\t\t<div class=\"elementor-widget-wrap elementor-element-populated\">\n\t\t\t\t\t\t<div class=\"elementor-element elementor-element-1bacf89 elementor-widget elementor-widget-text-editor\" data-id=\"1bacf89\" data-element_type=\"widget\" data-e-type=\"widget\" data-widget_type=\"text-editor.default\">\n\t\t\t\t<div class=\"elementor-widget-container\">\n\t\t\t\t\t\t\t\t\t<h2 style=\"text-align: left;\">Por Que ser um <strong><span style=\"color: #0074bd;\">Aprendiz<\/span><\/strong>?<\/h2>\t\t\t\t\t\t\t\t<\/div>\n\t\t\t\t<\/div>\n\t\t\t\t<div class=\"elementor-element elementor-element-56ffd4d elementor-widget elementor-widget-text-editor\" data-id=\"56ffd4d\" data-element_type=\"widget\" data-e-type=\"widget\" data-widget_type=\"text-editor.default\">\n\t\t\t\t<div class=\"elementor-widget-container\">\n\t\t\t\t\t\t\t\t\t<p>Ser um aprendiz \u00e9 um caminho que garante emprego e forma\u00e7\u00e3o profissional, ao mesmo tempo. As vantagens s\u00e3o muitas:<\/p><ul><li>o\u00a0aprendiz recebe sal\u00e1rio para aprender teoria e pr\u00e1tica, convivendo diretamente entre profissionais experientes;<\/li><li>\u00e9 registrado em carteira, o que garante quase todos os benef\u00edcios de um funcion\u00e1rio comum da empresa, incluindo vale-transporte, vale-refei\u00e7\u00e3o, f\u00e9rias, e a possibilidade de efetiva\u00e7\u00e3o pelo empregador.<\/li><li>o aprendiz tamb\u00e9m recebe um certificado de qualifica\u00e7\u00e3o profissional, de acordo com o que \u00e9 previsto no artigo 430, par\u00e1grafo segundo da Consolida\u00e7\u00e3o das Leis do Trabalho &#8211; CLT.<\/li><\/ul>\t\t\t\t\t\t\t\t<\/div>\n\t\t\t\t<\/div>\n\t\t\t\t\t<\/div>\n\t\t<\/div>\n\t\t\t\t\t<\/div>\n\t\t<\/section>\n\t\t\t\t<section class=\"elementor-section elementor-top-section elementor-element elementor-element-4999 elementor-section-full_width elementor-section-height-default elementor-section-height-default\" data-id=\"4999\" data-element_type=\"section\" data-e-type=\"section\" data-settings=\"{&quot;background_background&quot;:&quot;classic&quot;}\">\n\t\t\t\t\t\t<div class=\"elementor-container elementor-column-gap-default\">\n\t\t\t\t\t<div class=\"elementor-column elementor-col-50 elementor-top-column elementor-element elementor-element-3f47\" data-id=\"3f47\" data-element_type=\"column\" data-e-type=\"column\" data-settings=\"{&quot;background_background&quot;:&quot;classic&quot;}\">\n\t\t\t<div class=\"elementor-widget-wrap elementor-element-populated\">\n\t\t\t\t\t\t<section class=\"elementor-section elementor-inner-section elementor-element elementor-element-4a86 elementor-section-boxed elementor-section-height-default elementor-section-height-default\" data-id=\"4a86\" data-element_type=\"section\" data-e-type=\"section\">\n\t\t\t\t\t\t<div class=\"elementor-container elementor-column-gap-no\">\n\t\t\t\t\t<div class=\"elementor-column elementor-col-100 elementor-inner-column elementor-element elementor-element-f61\" data-id=\"f61\" data-element_type=\"column\" data-e-type=\"column\">\n\t\t\t<div class=\"elementor-widget-wrap elementor-element-populated\">\n\t\t\t\t\t\t<div class=\"elementor-element elementor-element-176b elementor-widget elementor-widget-heading\" data-id=\"176b\" data-element_type=\"widget\" data-e-type=\"widget\" data-widget_type=\"heading.default\">\n\t\t\t\t<div class=\"elementor-widget-container\">\n\t\t\t\t\t<h2 class=\"elementor-heading-title elementor-size-default\">COMO SER UM <strong><span style=\"color: #dcc930\">Aprendiz<\/span><\/strong>?<\/h2>\t\t\t\t<\/div>\n\t\t\t\t<\/div>\n\t\t\t\t<div class=\"elementor-element elementor-element-42c8 elementor-widget elementor-widget-text-editor\" data-id=\"42c8\" data-element_type=\"widget\" data-e-type=\"widget\" data-widget_type=\"text-editor.default\">\n\t\t\t\t<div class=\"elementor-widget-container\">\n\t\t\t\t\t\t\t\t\t<p>Separe os seus documentos:<\/p><p><strong>\u2022 Carteira de identidade;<\/strong><br \/><strong>\u2022 CPF;<\/strong><br \/><strong>\u2022 Carteira de Trabalho;<\/strong><br \/><strong>\u2022 Declara\u00e7\u00e3o de matr\u00edcula; <\/strong><br \/><strong>\u2022 Boletim do ano letivo (documentos escolares).<\/strong><\/p><p>E entre em contato com a AEFS\/PR.<\/p><p>No momento da entreviste, o candidato a uma vaga deve estar acompanhado pelo pai, m\u00e3e ou respons\u00e1vel legal, tamb\u00e9m com os respectivos documentos de <strong>identidade, comprovantes\u00a0<\/strong><strong>de renda e de resid\u00eancia (conta recente de luz,\u00a0<\/strong><strong>de \u00e1gua ou telefone, por exemplo).<\/strong><\/p>\t\t\t\t\t\t\t\t<\/div>\n\t\t\t\t<\/div>\n\t\t\t\t\t<\/div>\n\t\t<\/div>\n\t\t\t\t\t<\/div>\n\t\t<\/section>\n\t\t\t\t\t<\/div>\n\t\t<\/div>\n\t\t\t\t<div class=\"elementor-column elementor-col-50 elementor-top-column elementor-element elementor-element-22e0\" data-id=\"22e0\" data-element_type=\"column\" data-e-type=\"column\" data-settings=\"{&quot;background_background&quot;:&quot;classic&quot;}\">\n\t\t\t<div class=\"elementor-widget-wrap elementor-element-populated\">\n\t\t\t\t\t\t\t<\/div>\n\t\t<\/div>\n\t\t\t\t\t<\/div>\n\t\t<\/section>\n\t\t\t\t<section class=\"elementor-section elementor-top-section elementor-element elementor-element-8d18d90 elementor-section-full_width elementor-section-height-default elementor-section-height-default\" data-id=\"8d18d90\" data-element_type=\"section\" data-e-type=\"section\" data-settings=\"{&quot;background_background&quot;:&quot;classic&quot;}\">\n\t\t\t\t\t\t<div class=\"elementor-container elementor-column-gap-default\">\n\t\t\t\t\t<div class=\"elementor-column elementor-col-50 elementor-top-column elementor-element elementor-element-8ec116c\" data-id=\"8ec116c\" data-element_type=\"column\" data-e-type=\"column\" data-settings=\"{&quot;background_background&quot;:&quot;classic&quot;}\">\n\t\t\t<div class=\"elementor-widget-wrap elementor-element-populated\">\n\t\t\t\t\t\t\t<\/div>\n\t\t<\/div>\n\t\t\t\t<div class=\"elementor-column elementor-col-50 elementor-top-column elementor-element elementor-element-dc869aa\" data-id=\"dc869aa\" data-element_type=\"column\" data-e-type=\"column\" data-settings=\"{&quot;background_background&quot;:&quot;classic&quot;}\">\n\t\t\t<div class=\"elementor-widget-wrap elementor-element-populated\">\n\t\t\t\t\t\t<section class=\"elementor-section elementor-inner-section elementor-element elementor-element-721e974 elementor-section-boxed elementor-section-height-default elementor-section-height-default\" data-id=\"721e974\" data-element_type=\"section\" data-e-type=\"section\">\n\t\t\t\t\t\t<div class=\"elementor-container elementor-column-gap-no\">\n\t\t\t\t\t<div class=\"elementor-column elementor-col-100 elementor-inner-column elementor-element elementor-element-6130ab1\" data-id=\"6130ab1\" data-element_type=\"column\" data-e-type=\"column\">\n\t\t\t<div class=\"elementor-widget-wrap elementor-element-populated\">\n\t\t\t\t\t\t<div class=\"elementor-element elementor-element-1c038d2 elementor-widget elementor-widget-heading\" data-id=\"1c038d2\" data-element_type=\"widget\" data-e-type=\"widget\" data-widget_type=\"heading.default\">\n\t\t\t\t<div class=\"elementor-widget-container\">\n\t\t\t\t\t<h2 class=\"elementor-heading-title elementor-size-default\"><h2 class=\"elementor-heading-title elementor-size-default elementor-inline-editing pen\" data-elementor-setting-key=\"title\" data-pen-placeholder=\"Type Here...\">POSSO SER UM <span style=\"font-weight: bolder;font-family: akrobatbold, sans-serif\"><span>APRENDIZ?<\/span><\/span><\/h2><\/h2>\t\t\t\t<\/div>\n\t\t\t\t<\/div>\n\t\t\t\t<div class=\"elementor-element elementor-element-a96847e elementor-widget elementor-widget-text-editor\" data-id=\"a96847e\" data-element_type=\"widget\" data-e-type=\"widget\" data-widget_type=\"text-editor.default\">\n\t\t\t\t<div class=\"elementor-widget-container\">\n\t\t\t\t\t\t\t\t\t<p>S\u00e3o quatro as principais exig\u00eancias para se tornar um aprendiz:<\/p><p><strong>\u2022 ter no m\u00ednimo 14 anos;<br \/><\/strong><strong>\u2022 estar cursando o ensino fundamental e frequentar a escola sem reprovar ou ter conclu\u00eddo o ensino m\u00e9dio;<br \/><\/strong><strong>\u2022 estar matriculado em um curso de qualifica\u00e7\u00e3o profissional, como o CEMADE;<br \/><\/strong><strong>\u2022 desenvolver atividades na empresa, para as quais foi instru\u00eddo.<\/strong><\/p><p>Se voc\u00ea cumprir os requisitos exigidos, aproveite essa oportunidade de ser um aprendiz. A imers\u00e3o total no ambiente real do trabalho \u00e9 a melhor experi\u00eancia profissional inicial que algu\u00e9m poderia ter.<\/p>\t\t\t\t\t\t\t\t<\/div>\n\t\t\t\t<\/div>\n\t\t\t\t\t<\/div>\n\t\t<\/div>\n\t\t\t\t\t<\/div>\n\t\t<\/section>\n\t\t\t\t\t<\/div>\n\t\t<\/div>\n\t\t\t\t\t<\/div>\n\t\t<\/section>\n\t\t\t\t<section class=\"elementor-section elementor-top-section elementor-element elementor-element-4a6ce4ad bg-z-index elementor-section-boxed elementor-section-height-default elementor-section-height-default\" data-id=\"4a6ce4ad\" data-element_type=\"section\" data-e-type=\"section\" data-settings=\"{&quot;background_background&quot;:&quot;classic&quot;}\">\n\t\t\t\t\t\t<div class=\"elementor-container elementor-column-gap-default\">\n\t\t\t\t\t<div class=\"elementor-column elementor-col-100 elementor-top-column elementor-element elementor-element-224cd895\" data-id=\"224cd895\" data-element_type=\"column\" data-e-type=\"column\">\n\t\t\t<div class=\"elementor-widget-wrap elementor-element-populated\">\n\t\t\t\t\t\t<div class=\"elementor-element elementor-element-3508649d elementor-widget elementor-widget-text-editor\" data-id=\"3508649d\" data-element_type=\"widget\" data-e-type=\"widget\" data-widget_type=\"text-editor.default\">\n\t\t\t\t<div class=\"elementor-widget-container\">\n\t\t\t\t\t\t\t\t\t<h2 style=\"text-align: center;\"><strong>Seja um APRENDIZ<\/strong><\/h2>\t\t\t\t\t\t\t\t<\/div>\n\t\t\t\t<\/div>\n\t\t\t\t<div class=\"elementor-element elementor-element-4c1c546e elementor-widget-divider--view-line elementor-widget elementor-widget-divider\" data-id=\"4c1c546e\" data-element_type=\"widget\" data-e-type=\"widget\" data-widget_type=\"divider.default\">\n\t\t\t\t<div class=\"elementor-widget-container\">\n\t\t\t\t\t\t\t<div class=\"elementor-divider\">\n\t\t\t<span class=\"elementor-divider-separator\">\n\t\t\t\t\t\t<\/span>\n\t\t<\/div>\n\t\t\t\t\t\t<\/div>\n\t\t\t\t<\/div>\n\t\t\t\t<div class=\"elementor-element elementor-element-372158b8 elementor-widget elementor-widget-shortcode\" data-id=\"372158b8\" data-element_type=\"widget\" data-e-type=\"widget\" data-widget_type=\"shortcode.default\">\n\t\t\t\t<div class=\"elementor-widget-container\">\n\t\t\t\t\t\t\t<div class=\"elementor-shortcode\"><\/div>\n\t\t\t\t\t\t<\/div>\n\t\t\t\t<\/div>\n\t\t\t\t\t<\/div>\n\t\t<\/div>\n\t\t\t\t\t<\/div>\n\t\t<\/section>\n\t\t\t\t<\/div>\n\t\t","protected":false},"excerpt":{"rendered":"<p>Saia na frente: seja um aprendiz no seu primeiro emprego com carteira de trabalho. O que \u00e9 um Aprendiz? O aprendiz \u00e9 aquele que est\u00e1 matriculado em uma institui\u00e7\u00e3o de forma\u00e7\u00e3o t\u00e9cnico-profissional e busca seu primeiro emprego sob contrato formal em uma empresa de m\u00e9dio ou grande porte. A natureza [&hellip;]<\/p>\n","protected":false},"author":5,"featured_media":0,"parent":0,"menu_order":0,"comment_status":"closed","ping_status":"closed","template":"page-elementor.php","meta":{"_acf_changed":false,"iawp_total_views":2666,"_joinchat":[],"footnotes":""},"class_list":["post-311","page","type-page","status-publish","hentry"],"acf":[],"_links":{"self":[{"href":"https:\/\/aefspr.org.br\/index.php?rest_route=\/wp\/v2\/pages\/311","targetHints":{"allow":["GET"]}}],"collection":[{"href":"https:\/\/aefspr.org.br\/index.php?rest_route=\/wp\/v2\/pages"}],"about":[{"href":"https:\/\/aefspr.org.br\/index.php?rest_route=\/wp\/v2\/types\/page"}],"author":[{"embeddable":true,"href":"https:\/\/aefspr.org.br\/index.php?rest_route=\/wp\/v2\/users\/5"}],"replies":[{"embeddable":true,"href":"https:\/\/aefspr.org.br\/index.php?rest_route=%2Fwp%2Fv2%2Fcomments&post=311"}],"version-history":[{"count":6,"href":"https:\/\/aefspr.org.br\/index.php?rest_route=\/wp\/v2\/pages\/311\/revisions"}],"predecessor-version":[{"id":3722,"href":"https:\/\/aefspr.org.br\/index.php?rest_route=\/wp\/v2\/pages\/311\/revisions\/3722"}],"wp:attachment":[{"href":"https:\/\/aefspr.org.br\/index.php?rest_route=%2Fwp%2Fv2%2Fmedia&parent=311"}],"curies":[{"name":"wp","href":"https:\/\/api.w.org\/{rel}","templated":true}]}}